{"id":358,"date":"2019-07-10T14:40:32","date_gmt":"2019-07-10T14:40:32","guid":{"rendered":"https:\/\/themes.getmotopress.com\/luviana\/?page_id=358"},"modified":"2021-08-03T11:05:00","modified_gmt":"2021-08-03T11:05:00","slug":"atividades","status":"publish","type":"page","link":"https:\/\/quintadofalcao.pt\/atividades\/","title":{"rendered":"Atividades"},"content":{"rendered":"\n<div style=\"height:20px\" aria-hidden=\"true\" class=\"wp-block-spacer\"><\/div>\n\n\n\n<div class=\"wp-block-getwid-section alignfull mobile-flex alignfull getwid-margin-top-none getwid-margin-bottom-none\"><div class=\"wp-block-getwid-section__wrapper getwid-padding-top-none getwid-padding-bottom-normal getwid-padding-left-medium getwid-padding-right-medium getwid-padding-mobile-top-small getwid-padding-mobile-bottom-small getwid-padding-mobile-left-small getwid-padding-mobile-right-small\"><div class=\"wp-block-getwid-section__inner-wrapper\"><div class=\"wp-block-getwid-section__background-holder\"><div class=\"wp-block-getwid-section__background\"><\/div><div class=\"wp-block-getwid-section__foreground\"><\/div><\/div><div class=\"wp-block-getwid-section__content\"><div class=\"wp-block-getwid-section__inner-content\">\n<div class=\"wp-block-columns has-3-columns\">\n<div class=\"wp-block-column\">\n<div class=\"wp-block-getwid-icon-box has-text-center\"><div style=\"margin-bottom:0px\" class=\"wp-block-getwid-icon-box__icon-container is-position-top\"><a href=\"https:\/\/www.visitazores.com\/pt\/the-azores\/the-9-islands\/santa-maria\/nature\" target=\"_blank\" rel=\"noreferrer noopener\" class=\"wp-block-getwid-icon-box__icon-wrapper has-text-color has-gold-color\" style=\"font-size:60px;padding:0px\"><i class=\"fas fa-tree\"><\/i><\/a><\/div><div class=\"wp-block-getwid-icon-box__content\">\n<div class=\"wp-block-getwid-advanced-heading\" style=\"margin-bottom:20px\"><h4 class=\"wp-block-getwid-advanced-heading__content\">Natureza<\/h4><\/div>\n\n\n\n<p><a href=\"https:\/\/www.visitazores.com\/pt\/the-azores\/the-9-islands\/santa-maria\/nature\" target=\"_blank\" rel=\"noopener\">Saber mais <i class=\"la la-arrow-right\"><\/i><\/a><\/p>\n<\/div><\/div>\n\n\n\n<div class=\"wp-block-buttons\"><\/div>\n<\/div>\n\n\n\n<div class=\"wp-block-column\">\n<div class=\"wp-block-getwid-icon-box has-text-center\"><div style=\"margin-bottom:0px\" class=\"wp-block-getwid-icon-box__icon-container is-position-top\"><a href=\"https:\/\/www.visitazores.com\/pt\/the-azores\/the-9-islands\/santa-maria\/food-and-drinks\" target=\"_blank\" rel=\"noreferrer noopener\" class=\"wp-block-getwid-icon-box__icon-wrapper has-text-color has-gold-color\" style=\"font-size:60px;padding:0px\"><i class=\"fas fa-utensils\"><\/i><\/a><\/div><div class=\"wp-block-getwid-icon-box__content\">\n<div class=\"wp-block-getwid-advanced-heading\" style=\"margin-bottom:20px\"><h4 class=\"wp-block-getwid-advanced-heading__content\">Gastronomia<\/h4><\/div>\n\n\n\n<p><a href=\"https:\/\/www.visitazores.com\/pt\/the-azores\/the-9-islands\/santa-maria\/food-and-drinks\" target=\"_blank\" rel=\"noreferrer noopener\">Saber mais <i class=\"la la-arrow-right\"><\/i><\/a><\/p>\n<\/div><\/div>\n<\/div>\n\n\n\n<div class=\"wp-block-column\">\n<div class=\"wp-block-getwid-icon-box has-text-center\"><div style=\"margin-bottom:0px\" class=\"wp-block-getwid-icon-box__icon-container is-position-top\"><a href=\"https:\/\/www.visitazores.com\/pt\/the-azores\/the-9-islands\/santa-maria\/experiences\" target=\"_blank\" rel=\"noreferrer noopener\" class=\"wp-block-getwid-icon-box__icon-wrapper has-text-color has-gold-color\" style=\"font-size:60px;padding:0px\"><i class=\"fas fa-umbrella-beach\"><\/i><\/a><\/div><div class=\"wp-block-getwid-icon-box__content\">\n<div class=\"wp-block-getwid-advanced-heading\" style=\"margin-bottom:20px\"><h4 class=\"wp-block-getwid-advanced-heading__content\">Experi\u00eancias<\/h4><\/div>\n\n\n\n<p><a href=\"https:\/\/www.visitazores.com\/pt\/the-azores\/the-9-islands\/santa-maria\/experiences\" target=\"_blank\" rel=\"noreferrer noopener\">Saber mais <i class=\"la la-arrow-right\"><\/i><\/a><\/p>\n<\/div><\/div>\n<\/div>\n<\/div>\n<\/div><\/div><\/div><\/div><\/div>\n\n\n\n<div class=\"wp-block-getwid-section alignfull alignfull getwid-margin-top-none getwid-margin-bottom-none\"><div class=\"wp-block-getwid-section__wrapper getwid-padding-top-none getwid-padding-bottom-large getwid-padding-left-medium getwid-padding-right-medium getwid-padding-mobile-left-small getwid-padding-mobile-right-small\"><div class=\"wp-block-getwid-section__inner-wrapper\"><div class=\"wp-block-getwid-section__background-holder\"><div class=\"wp-block-getwid-section__background\"><\/div><div class=\"wp-block-getwid-section__foreground\"><\/div><\/div><div class=\"wp-block-getwid-section__content\"><div class=\"wp-block-getwid-section__inner-content\">\n<div class=\"wp-block-columns has-2-columns\">\n<div class=\"wp-block-column\">\n<div class=\"wp-block-getwid-banner has-foreground-25\"><a href=\"\" class=\"wp-block-getwid-banner__link\"><div class=\"wp-block-getwid-banner__wrapper has-background has-black-background-color\"><img loading=\"lazy\" width=\"850\" height=\"1280\" src=\"https:\/\/quintadofalcao.pt\/wp-content\/uploads\/2021\/07\/Caminhadas.jpg\" alt=\"\" class=\"wp-block-getwid-banner__image wp-block-getwid-banner__source wp-image-1492\" srcset=\"https:\/\/quintadofalcao.pt\/wp-content\/uploads\/2021\/07\/Caminhadas.jpg 850w, https:\/\/quintadofalcao.pt\/wp-content\/uploads\/2021\/07\/Caminhadas-199x300.jpg 199w, https:\/\/quintadofalcao.pt\/wp-content\/uploads\/2021\/07\/Caminhadas-680x1024.jpg 680w, https:\/\/quintadofalcao.pt\/wp-content\/uploads\/2021\/07\/Caminhadas-768x1157.jpg 768w\" sizes=\"(max-width: 850px) 100vw, 850px\" \/><div class=\"wp-block-getwid-banner__caption\"><div class=\"wp-block-getwid-banner__caption-wrapper\"><span class=\"wp-block-getwid-banner__title\"><strong>Percursos Pedonais<\/strong><\/span><p class=\"wp-block-getwid-banner__text\">Explore o mundo rural e desfrute da natureza com caminhadas relaxantes pelos 8 hectares da Quinta do Falc\u00e3o.<\/p><\/div><\/div><\/div><\/a><\/div>\n<\/div>\n\n\n\n<div class=\"wp-block-column\">\n<div class=\"wp-block-getwid-banner has-foreground-0\"><a href=\"\" class=\"wp-block-getwid-banner__link\"><div class=\"wp-block-getwid-banner__wrapper\"><img loading=\"lazy\" width=\"1024\" height=\"719\" src=\"https:\/\/themes.getmotopress.com\/luviana\/wp-content\/uploads\/sites\/27\/2019\/07\/divingsnorkling-1024x719.jpg\" alt=\"\" class=\"wp-block-getwid-banner__image wp-block-getwid-banner__source wp-image-510\" srcset=\"https:\/\/quintadofalcao.pt\/wp-content\/uploads\/2019\/07\/divingsnorkling-1024x719.jpg 1024w, https:\/\/quintadofalcao.pt\/wp-content\/uploads\/2019\/07\/divingsnorkling-300x211.jpg 300w, https:\/\/quintadofalcao.pt\/wp-content\/uploads\/2019\/07\/divingsnorkling-768x539.jpg 768w, https:\/\/quintadofalcao.pt\/wp-content\/uploads\/2019\/07\/divingsnorkling-1536x1078.jpg 1536w, https:\/\/quintadofalcao.pt\/wp-content\/uploads\/2019\/07\/divingsnorkling-1170x821.jpg 1170w, https:\/\/quintadofalcao.pt\/wp-content\/uploads\/2019\/07\/divingsnorkling.jpg 1600w\" sizes=\"(max-width: 1024px) 100vw, 1024px\" \/><div class=\"wp-block-getwid-banner__caption\"><div class=\"wp-block-getwid-banner__caption-wrapper\"><span class=\"wp-block-getwid-banner__title\"><strong>Snorkling<\/strong><\/span><p class=\"wp-block-getwid-banner__text\">Descubra o mundo subaqu\u00e1tico de criaturas marinhas<br> e locais inexplorados connosco.<\/p><\/div><\/div><\/div><\/a><\/div>\n<\/div>\n<\/div>\n<\/div><\/div><\/div><\/div><\/div>\n\n\n\n<div class=\"wp-block-getwid-section alignfull getwid-margin-top-none getwid-margin-bottom-none\"><div class=\"wp-block-getwid-section__wrapper getwid-padding-top-none getwid-padding-bottom-none getwid-padding-left-medium getwid-padding-right-medium getwid-padding-mobile-left-small getwid-padding-mobile-right-small\"><div class=\"wp-block-getwid-section__inner-wrapper\"><div class=\"wp-block-getwid-section__background-holder\"><div class=\"wp-block-getwid-section__background\" style=\"background-image:url('https:\/\/quintadofalcao.pt\/wp-content\/uploads\/2021\/07\/Santa-Maria-Acores.jpg');background-attachment:fixed\"><div class=\"wp-block-getwid-section__background-image-wrapper\"><img class=\"wp-block-getwid-section__background-image\" src=\"https:\/\/quintadofalcao.pt\/wp-content\/uploads\/2021\/07\/Santa-Maria-Acores.jpg\" alt=\"\"\/><\/div><\/div><div class=\"wp-block-getwid-section__foreground\"><\/div><\/div><div class=\"wp-block-getwid-section__content\"><div class=\"wp-block-getwid-section__inner-content\">\n<div class=\"wp-block-getwid-section\" style=\"margin-top:-60px;margin-bottom:-60px\"><div class=\"wp-block-getwid-section__wrapper getwid-padding-left-normal getwid-padding-right-normal getwid-padding-mobile-top-medium getwid-padding-mobile-bottom-medium getwid-padding-mobile-left-medium getwid-padding-mobile-right-medium getwid-margin-tablet-right-none\" style=\"margin-right:50%;padding-top:109px;padding-bottom:110px\"><div class=\"wp-block-getwid-section__inner-wrapper\"><div class=\"wp-block-getwid-section__background-holder\"><div class=\"wp-block-getwid-section__background has-background has-blue-background-color\"><\/div><div class=\"wp-block-getwid-section__foreground\" style=\"opacity:0.13;background-image:url('https:\/\/quintadofalcao.pt\/wp-content\/uploads\/2021\/07\/Selo-Quinta-do-Falcao-bco-e1626446388355.png');background-position:top left;background-size:auto\"><\/div><\/div><div class=\"wp-block-getwid-section__content\"><div class=\"wp-block-getwid-section__inner-content\">\n<div class=\"wp-block-getwid-advanced-heading has-custom-font-size fs-mobile-70\" style=\"font-size:31px;margin-bottom:40px\"><h3 class=\"wp-block-getwid-advanced-heading__content has-text-color has-white-color\">O que pode fazer <br>na ilha de Santa Maria<\/h3><\/div>\n\n\n\n<div style=\"height:30px\" aria-hidden=\"true\" class=\"wp-block-spacer\"><\/div>\n\n\n<style id=\"kt-blocks_359037-61\">.kt-svg-icon-list-items_359037-61 ul.kt-svg-icon-list .kt-svg-icon-list-item-wrap, .kt-svg-icon-list-items_359037-61 ul.kt-svg-icon-list .kt-svg-icon-list-item-wrap a {color:#fefefe;}<\/style>\n<div class=\"wp-block-kadence-iconlist kt-svg-icon-list-items kt-svg-icon-list-items_359037-61 kt-svg-icon-list-columns-1 alignnone\"><ul class=\"kt-svg-icon-list\"><li class=\"kt-svg-icon-list-style-default kt-svg-icon-list-item-wrap kt-svg-icon-list-item-0\"><div style=\"display:inline-flex;justify-content:center;align-items:center\" class=\"kt-svg-icon-list-single kt-svg-icon-list-single-fe_checkCircle\"><svg style=\"display:inline-block;vertical-align:middle\" viewbox=\"0 0 24 24\" height=\"15\" width=\"15\" fill=\"none\" stroke=\"currentColor\" xmlns=\"http:\/\/www.w3.org\/2000\/svg\" stroke-width=\"2\" stroke-linecap=\"round\" stroke-linejoin=\"round\"><path d=\"M22 11.08V12a10 10 0 1 1-5.93-9.14\"><\/path><polyline points=\"22 4 12 14.01 9 11.01\"><\/polyline><\/svg><\/div><span class=\"kt-svg-icon-list-text\">Visitar Vila do Porto<\/span><\/li><li class=\"kt-svg-icon-list-style-default kt-svg-icon-list-item-wrap kt-svg-icon-list-item-1\"><div style=\"display:inline-flex;justify-content:center;align-items:center\" class=\"kt-svg-icon-list-single kt-svg-icon-list-single-fe_checkCircle\"><svg style=\"display:inline-block;vertical-align:middle\" viewbox=\"0 0 24 24\" height=\"15\" width=\"15\" fill=\"none\" stroke=\"currentColor\" xmlns=\"http:\/\/www.w3.org\/2000\/svg\" stroke-width=\"2\" stroke-linecap=\"round\" stroke-linejoin=\"round\"><path d=\"M22 11.08V12a10 10 0 1 1-5.93-9.14\"><\/path><polyline points=\"22 4 12 14.01 9 11.01\"><\/polyline><\/svg><\/div><span class=\"kt-svg-icon-list-text\">Fazer o trilho da Costa Sul (PR 05 SMA)<\/span><\/li><li class=\"kt-svg-icon-list-style-default kt-svg-icon-list-item-wrap kt-svg-icon-list-item-2\"><div style=\"display:inline-flex;justify-content:center;align-items:center\" class=\"kt-svg-icon-list-single kt-svg-icon-list-single-fe_checkCircle\"><svg style=\"display:inline-block;vertical-align:middle\" viewbox=\"0 0 24 24\" height=\"15\" width=\"15\" fill=\"none\" stroke=\"currentColor\" xmlns=\"http:\/\/www.w3.org\/2000\/svg\" stroke-width=\"2\" stroke-linecap=\"round\" stroke-linejoin=\"round\"><path d=\"M22 11.08V12a10 10 0 1 1-5.93-9.14\"><\/path><polyline points=\"22 4 12 14.01 9 11.01\"><\/polyline><\/svg><\/div><span class=\"kt-svg-icon-list-text\">Visitar a Gruta do Figueiral<\/span><\/li><li class=\"kt-svg-icon-list-style-default kt-svg-icon-list-item-wrap kt-svg-icon-list-item-3\"><div style=\"display:inline-flex;justify-content:center;align-items:center\" class=\"kt-svg-icon-list-single kt-svg-icon-list-single-fe_checkCircle\"><svg style=\"display:inline-block;vertical-align:middle\" viewbox=\"0 0 24 24\" height=\"15\" width=\"15\" fill=\"none\" stroke=\"currentColor\" xmlns=\"http:\/\/www.w3.org\/2000\/svg\" stroke-width=\"2\" stroke-linecap=\"round\" stroke-linejoin=\"round\"><path d=\"M22 11.08V12a10 10 0 1 1-5.93-9.14\"><\/path><polyline points=\"22 4 12 14.01 9 11.01\"><\/polyline><\/svg><\/div><span class=\"kt-svg-icon-list-text\">Admirar a Cal\u00e7ada dos Gigantes<\/span><\/li><li class=\"kt-svg-icon-list-style-default kt-svg-icon-list-item-wrap kt-svg-icon-list-item-4\"><div style=\"display:inline-flex;justify-content:center;align-items:center\" class=\"kt-svg-icon-list-single kt-svg-icon-list-single-fe_checkCircle\"><svg style=\"display:inline-block;vertical-align:middle\" viewbox=\"0 0 24 24\" height=\"15\" width=\"15\" fill=\"none\" stroke=\"currentColor\" xmlns=\"http:\/\/www.w3.org\/2000\/svg\" stroke-width=\"2\" stroke-linecap=\"round\" stroke-linejoin=\"round\"><path d=\"M22 11.08V12a10 10 0 1 1-5.93-9.14\"><\/path><polyline points=\"22 4 12 14.01 9 11.01\"><\/polyline><\/svg><\/div><span class=\"kt-svg-icon-list-text\">Apreciar as vistas do miradouro da Ponta do Castelo<\/span><\/li><li class=\"kt-svg-icon-list-style-default kt-svg-icon-list-item-wrap kt-svg-icon-list-item-5\"><div style=\"display:inline-flex;justify-content:center;align-items:center\" class=\"kt-svg-icon-list-single kt-svg-icon-list-single-fe_checkCircle\"><svg style=\"display:inline-block;vertical-align:middle\" viewbox=\"0 0 24 24\" height=\"15\" width=\"15\" fill=\"none\" stroke=\"currentColor\" xmlns=\"http:\/\/www.w3.org\/2000\/svg\" stroke-width=\"2\" stroke-linecap=\"round\" stroke-linejoin=\"round\"><path d=\"M22 11.08V12a10 10 0 1 1-5.93-9.14\"><\/path><polyline points=\"22 4 12 14.01 9 11.01\"><\/polyline><\/svg><\/div><span class=\"kt-svg-icon-list-text\">Visitar o Centro Interpreta\u00e7\u00e3o da Ca\u00e7a \u00e0 Baleia<\/span><\/li><li class=\"kt-svg-icon-list-style-default kt-svg-icon-list-item-wrap kt-svg-icon-list-item-6\"><div style=\"display:inline-flex;justify-content:center;align-items:center\" class=\"kt-svg-icon-list-single kt-svg-icon-list-single-fe_checkCircle\"><svg style=\"display:inline-block;vertical-align:middle\" viewbox=\"0 0 24 24\" height=\"15\" width=\"15\" fill=\"none\" stroke=\"currentColor\" xmlns=\"http:\/\/www.w3.org\/2000\/svg\" stroke-width=\"2\" stroke-linecap=\"round\" stroke-linejoin=\"round\"><path d=\"M22 11.08V12a10 10 0 1 1-5.93-9.14\"><\/path><polyline points=\"22 4 12 14.01 9 11.01\"><\/polyline><\/svg><\/div><span class=\"kt-svg-icon-list-text\">Visitar o Farol de Gon\u00e7alo Velho<\/span><\/li><li class=\"kt-svg-icon-list-style-default kt-svg-icon-list-item-wrap kt-svg-icon-list-item-7\"><div style=\"display:inline-flex;justify-content:center;align-items:center\" class=\"kt-svg-icon-list-single kt-svg-icon-list-single-fe_checkCircle\"><svg style=\"display:inline-block;vertical-align:middle\" viewbox=\"0 0 24 24\" height=\"15\" width=\"15\" fill=\"none\" stroke=\"currentColor\" xmlns=\"http:\/\/www.w3.org\/2000\/svg\" stroke-width=\"2\" stroke-linecap=\"round\" stroke-linejoin=\"round\"><path d=\"M22 11.08V12a10 10 0 1 1-5.93-9.14\"><\/path><polyline points=\"22 4 12 14.01 9 11.01\"><\/polyline><\/svg><\/div><span class=\"kt-svg-icon-list-text\">Contemplar a Cascata do Aveiro<\/span><\/li><li class=\"kt-svg-icon-list-style-default kt-svg-icon-list-item-wrap kt-svg-icon-list-item-8\"><div style=\"display:inline-flex;justify-content:center;align-items:center\" class=\"kt-svg-icon-list-single kt-svg-icon-list-single-fe_checkCircle\"><svg style=\"display:inline-block;vertical-align:middle\" viewbox=\"0 0 24 24\" height=\"15\" width=\"15\" fill=\"none\" stroke=\"currentColor\" xmlns=\"http:\/\/www.w3.org\/2000\/svg\" stroke-width=\"2\" stroke-linecap=\"round\" stroke-linejoin=\"round\"><path d=\"M22 11.08V12a10 10 0 1 1-5.93-9.14\"><\/path><polyline points=\"22 4 12 14.01 9 11.01\"><\/polyline><\/svg><\/div><span class=\"kt-svg-icon-list-text\">Tomar banho nas piscinas naturais do Aveiro<\/span><\/li><li class=\"kt-svg-icon-list-style-default kt-svg-icon-list-item-wrap kt-svg-icon-list-item-9\"><div style=\"display:inline-flex;justify-content:center;align-items:center\" class=\"kt-svg-icon-list-single kt-svg-icon-list-single-fe_checkCircle\"><svg style=\"display:inline-block;vertical-align:middle\" viewbox=\"0 0 24 24\" height=\"15\" width=\"15\" fill=\"none\" stroke=\"currentColor\" xmlns=\"http:\/\/www.w3.org\/2000\/svg\" stroke-width=\"2\" stroke-linecap=\"round\" stroke-linejoin=\"round\"><path d=\"M22 11.08V12a10 10 0 1 1-5.93-9.14\"><\/path><polyline points=\"22 4 12 14.01 9 11.01\"><\/polyline><\/svg><\/div><span class=\"kt-svg-icon-list-text\">Subir ao Miradouro do Pico Velho<\/span><\/li><li class=\"kt-svg-icon-list-style-default kt-svg-icon-list-item-wrap kt-svg-icon-list-item-10\"><div style=\"display:inline-flex;justify-content:center;align-items:center\" class=\"kt-svg-icon-list-single kt-svg-icon-list-single-fe_checkCircle\"><svg style=\"display:inline-block;vertical-align:middle\" viewbox=\"0 0 24 24\" height=\"15\" width=\"15\" fill=\"none\" stroke=\"currentColor\" xmlns=\"http:\/\/www.w3.org\/2000\/svg\" stroke-width=\"2\" stroke-linecap=\"round\" stroke-linejoin=\"round\"><path d=\"M22 11.08V12a10 10 0 1 1-5.93-9.14\"><\/path><polyline points=\"22 4 12 14.01 9 11.01\"><\/polyline><\/svg><\/div><span class=\"kt-svg-icon-list-text\">Fazer o trilho do Pico Alto<\/span><\/li><li class=\"kt-svg-icon-list-style-default kt-svg-icon-list-item-wrap kt-svg-icon-list-item-11\"><div style=\"display:inline-flex;justify-content:center;align-items:center\" class=\"kt-svg-icon-list-single kt-svg-icon-list-single-fe_checkCircle\"><svg style=\"display:inline-block;vertical-align:middle\" viewbox=\"0 0 24 24\" height=\"15\" width=\"15\" fill=\"none\" stroke=\"currentColor\" xmlns=\"http:\/\/www.w3.org\/2000\/svg\" stroke-width=\"2\" stroke-linecap=\"round\" stroke-linejoin=\"round\"><path d=\"M22 11.08V12a10 10 0 1 1-5.93-9.14\"><\/path><polyline points=\"22 4 12 14.01 9 11.01\"><\/polyline><\/svg><\/div><span class=\"kt-svg-icon-list-text\">Mergulhar com jamantas<\/span><\/li><li class=\"kt-svg-icon-list-style-default kt-svg-icon-list-item-wrap kt-svg-icon-list-item-12\"><div style=\"display:inline-flex;justify-content:center;align-items:center\" class=\"kt-svg-icon-list-single kt-svg-icon-list-single-fe_checkCircle\"><svg style=\"display:inline-block;vertical-align:middle\" viewbox=\"0 0 24 24\" height=\"15\" width=\"15\" fill=\"none\" stroke=\"currentColor\" xmlns=\"http:\/\/www.w3.org\/2000\/svg\" stroke-width=\"2\" stroke-linecap=\"round\" stroke-linejoin=\"round\"><path d=\"M22 11.08V12a10 10 0 1 1-5.93-9.14\"><\/path><polyline points=\"22 4 12 14.01 9 11.01\"><\/polyline><\/svg><\/div><span class=\"kt-svg-icon-list-text\">Provar a gastronomia<\/span><\/li><\/ul><\/div>\n\n\n\n<div style=\"height:30px\" aria-hidden=\"true\" class=\"wp-block-spacer\"><\/div>\n\n\n\n<div class=\"wp-block-buttons\">\n<div class=\"wp-block-button is-style-fill\"><a class=\"wp-block-button__link has-white-color has-dark-blue-background-color has-text-color has-background\" href=\"https:\/\/www.visitazores.com\/pt\/the-azores\/the-9-islands\/santa-maria\/geography\" target=\"_blank\" rel=\"noreferrer noopener\">Saber mais<\/a><\/div>\n<\/div>\n<\/div><\/div><\/div><\/div><\/div>\n<\/div><\/div><\/div><\/div><\/div>\n\n\n\n<div class=\"wp-block-getwid-section alignfull alignfull getwid-margin-top-none getwid-margin-bottom-none\"><div class=\"wp-block-getwid-section__wrapper getwid-padding-top-large getwid-padding-bottom-none getwid-padding-left-medium getwid-padding-right-medium getwid-padding-mobile-left-small getwid-padding-mobile-right-small\"><div class=\"wp-block-getwid-section__inner-wrapper\"><div class=\"wp-block-getwid-section__background-holder\"><div class=\"wp-block-getwid-section__background\"><\/div><div class=\"wp-block-getwid-section__foreground\"><\/div><\/div><div class=\"wp-block-getwid-section__content\"><div class=\"wp-block-getwid-section__inner-content\">\n<div class=\"wp-block-columns has-2-columns\">\n<div class=\"wp-block-column\">\n<div class=\"wp-block-getwid-section\"><div class=\"wp-block-getwid-section__wrapper getwid-padding-top-none getwid-padding-bottom-none getwid-padding-left-none getwid-padding-tablet-right-none\" style=\"padding-right:30px\"><div class=\"wp-block-getwid-section__inner-wrapper\"><div class=\"wp-block-getwid-section__background-holder\"><div class=\"wp-block-getwid-section__background\"><\/div><div class=\"wp-block-getwid-section__foreground\"><\/div><\/div><div class=\"wp-block-getwid-section__content\"><div class=\"wp-block-getwid-section__inner-content\">\n<div class=\"wp-block-getwid-advanced-heading is-style-style-1 has-custom-font-size\" style=\"font-size:12px;margin-bottom:10px\"><p class=\"wp-block-getwid-advanced-heading__content\" style=\"text-transform:uppercase;letter-spacing:1px\">santa maria &#8211; a\u00e7ores<\/p><\/div>\n\n\n\n<div class=\"wp-block-getwid-advanced-heading is-style-default\" style=\"margin-bottom:30px\"><h2 class=\"wp-block-getwid-advanced-heading__content\" style=\"text-transform:none;letter-spacing:1px\">A Ilha Sol<\/h2><\/div>\n\n\n\n<p>O verde dos campos, as culturas tradicionais, as chamin\u00e9s das casas caiadas de branco, o ocre escuro da terra, o dourado das praias e as suas \u00e1guas azul-turquesa diferenciam Santa Maria das restantes ilhas do arquip\u00e9lago.<\/p>\n\n\n\n<p>Por ser a ilha dos A\u00e7ores mais a sul e mais a oriente, Santa Maria apresenta um clima mais quente e seco, que contribui para uma maior aridez dos terrenos e secura da vegeta\u00e7\u00e3o de tonalidade amarelada, sendo por isso tamb\u00e9m apelidada de Ilha do Sol.<\/p>\n\n\n\n<p>Santa Maria disp\u00f5e de v\u00e1rias praias de areia branca e piscinas naturais com excelentes condi\u00e7\u00f5es para atividades de ver\u00e3o. A mais famosa \u00e9 a Praia Formosa, onde se pode praticar surf, windsurf, esqui aqu\u00e1tico e vela. Um passeio de barco, com passagem pela gruta do Ilh\u00e9u do Romeiro, com o seu cais interior natural e onde existe uma curiosa gruta com estalactites e estalagmites, \u00e9 a melhor forma de conhecer a magn\u00edfica costa. A orla costeira \u00e9 excelente para a pesca e ca\u00e7a submarina.<\/p>\n\n\n\n<p>A abund\u00e2ncia da vida submarina proporciona aos amantes do mergulho, momentos que dificilmente esquecer\u00e1. Os ilh\u00e9us da Vila, das Lagoinhas e de S. Louren\u00e7o, assim como a Gruta dos Enchar\u00e9us e a Ba\u00eda de Tagarete s\u00e3o locais de beleza \u00edmpar. A 37 Km a noroeste da costa de Santa Maria, as Formigas s\u00e3o um interessante conjunto de oito ilh\u00e9us que, sobretudo pelo seu isolamento, s\u00e3o um local privilegiado para poiso e nidifica\u00e7\u00e3o de muitas aves marinhas e possuidores de uma rica fauna subaqu\u00e1tica, o que lhe confere o estatuto de Reserva Natural.<br>O parapente \u00e9 tamb\u00e9m uma das atividades poss\u00edveis de praticar nas v\u00e1rias ba\u00edas de Santa Maria. Com guia e equipamento adequado \u00e9 poss\u00edvel explorar grutas naturais, como a Furna de Santana e a Furna Velha, ou escavadas pelo homem, como \u00e9 a Gruta do Figueiral.<\/p>\n\n\n\n<div style=\"height:20px\" aria-hidden=\"true\" class=\"wp-block-spacer\"><\/div>\n\n\n\n<div class=\"wp-block-buttons\">\n<div class=\"wp-block-button is-style-fill\"><a class=\"wp-block-button__link has-white-color has-blue-background-color has-text-color has-background\" href=\"https:\/\/www.visitportugal.com\/pt-pt\/content\/santa-maria-ilha-sol\" target=\"_blank\" rel=\"noreferrer noopener\">Saber mais<\/a><\/div>\n<\/div>\n<\/div><\/div><\/div><\/div><\/div>\n<\/div>\n\n\n\n<div class=\"wp-block-column\">\n<div class=\"wp-block-getwid-images-stack is-layout-delta\"><div class=\"wp-block-getwid-images-stack__wrapper\"><div class=\"wp-block-getwid-images-stack__chunk\"><div class=\"wp-block-getwid-images-stack__media-wrapper\"><div class=\"wp-block-getwid-images-stack__media-inner-wrapper\"><img loading=\"lazy\" width=\"1280\" height=\"850\" class=\"wp-block-getwid-images-stack__media wp-image-1491\" src=\"https:\/\/quintadofalcao.pt\/wp-content\/uploads\/2021\/07\/Caldo-de-Nabos.jpg\" data-id=\"1491\" data-link=\"https:\/\/quintadofalcao.pt\/atividades\/caldo-de-nabos\/\" srcset=\"https:\/\/quintadofalcao.pt\/wp-content\/uploads\/2021\/07\/Caldo-de-Nabos.jpg 1280w, https:\/\/quintadofalcao.pt\/wp-content\/uploads\/2021\/07\/Caldo-de-Nabos-300x199.jpg 300w, https:\/\/quintadofalcao.pt\/wp-content\/uploads\/2021\/07\/Caldo-de-Nabos-1024x680.jpg 1024w, https:\/\/quintadofalcao.pt\/wp-content\/uploads\/2021\/07\/Caldo-de-Nabos-768x510.jpg 768w, https:\/\/quintadofalcao.pt\/wp-content\/uploads\/2021\/07\/Caldo-de-Nabos-1170x777.jpg 1170w\" sizes=\"(max-width: 1280px) 100vw, 1280px\" \/><\/div><\/div><div class=\"wp-block-getwid-images-stack__media-wrapper\"><div class=\"wp-block-getwid-images-stack__media-inner-wrapper\"><img loading=\"lazy\" width=\"1024\" height=\"682\" class=\"wp-block-getwid-images-stack__media wp-image-1515\" src=\"https:\/\/quintadofalcao.pt\/wp-content\/uploads\/2021\/07\/Farol-Santa-Maria.jpg\" data-id=\"1515\" data-link=\"https:\/\/quintadofalcao.pt\/atividades\/farol-santa-maria\/\" srcset=\"https:\/\/quintadofalcao.pt\/wp-content\/uploads\/2021\/07\/Farol-Santa-Maria.jpg 1024w, https:\/\/quintadofalcao.pt\/wp-content\/uploads\/2021\/07\/Farol-Santa-Maria-300x200.jpg 300w, https:\/\/quintadofalcao.pt\/wp-content\/uploads\/2021\/07\/Farol-Santa-Maria-768x512.jpg 768w\" sizes=\"(max-width: 1024px) 100vw, 1024px\" \/><\/div><\/div><div class=\"wp-block-getwid-images-stack__media-wrapper\"><div class=\"wp-block-getwid-images-stack__media-inner-wrapper\"><img loading=\"lazy\" width=\"1024\" height=\"680\" class=\"wp-block-getwid-images-stack__media wp-image-1512\" src=\"https:\/\/quintadofalcao.pt\/wp-content\/uploads\/2021\/07\/Biscoito-de-Orelha-Alt.jpg\" data-id=\"1512\" data-link=\"https:\/\/quintadofalcao.pt\/atividades\/biscoito-de-orelha-alt\/\" srcset=\"https:\/\/quintadofalcao.pt\/wp-content\/uploads\/2021\/07\/Biscoito-de-Orelha-Alt.jpg 1024w, https:\/\/quintadofalcao.pt\/wp-content\/uploads\/2021\/07\/Biscoito-de-Orelha-Alt-300x199.jpg 300w, https:\/\/quintadofalcao.pt\/wp-content\/uploads\/2021\/07\/Biscoito-de-Orelha-Alt-768x510.jpg 768w\" sizes=\"(max-width: 1024px) 100vw, 1024px\" \/><\/div><\/div><\/div><\/div><\/div>\n<\/div>\n<\/div>\n<\/div><\/div><\/div><\/div><\/div>\n","protected":false},"excerpt":{"rendered":"<p>A Quinta do Falc\u00e3o disp\u00f5e de um campo de crocket (origin\u00e1rio da casa), e convida a caminhadas pelas suas pastagens, mata e ribeiro com cerca de 8 Hectares. O Espa\u00e7o tem vista panor\u00e2mica privilegiada, a poente, para o Oceano Atl\u00e2ntico. Disp\u00f5e de uma \u00e1rea de lazer com uma p\u00e9rgula floral, para leitura, descanso e recreio e um miradouro cont\u00edguo \u00e0 estrada. <\/p>\n","protected":false},"author":1,"featured_media":1113,"parent":0,"menu_order":0,"comment_status":"closed","ping_status":"closed","template":"","meta":{"kt_blocks_editor_width":"","spay_email":""},"_links":{"self":[{"href":"https:\/\/quintadofalcao.pt\/api\/wp\/v2\/pages\/358"}],"collection":[{"href":"https:\/\/quintadofalcao.pt\/api\/wp\/v2\/pages"}],"about":[{"href":"https:\/\/quintadofalcao.pt\/api\/wp\/v2\/types\/page"}],"author":[{"embeddable":true,"href":"https:\/\/quintadofalcao.pt\/api\/wp\/v2\/users\/1"}],"replies":[{"embeddable":true,"href":"https:\/\/quintadofalcao.pt\/api\/wp\/v2\/comments?post=358"}],"version-history":[{"count":49,"href":"https:\/\/quintadofalcao.pt\/api\/wp\/v2\/pages\/358\/revisions"}],"predecessor-version":[{"id":1754,"href":"https:\/\/quintadofalcao.pt\/api\/wp\/v2\/pages\/358\/revisions\/1754"}],"wp:featuredmedia":[{"embeddable":true,"href":"https:\/\/quintadofalcao.pt\/api\/wp\/v2\/media\/1113"}],"wp:attachment":[{"href":"https:\/\/quintadofalcao.pt\/api\/wp\/v2\/media?parent=358"}],"curies":[{"name":"wp","href":"https:\/\/api.w.org\/{rel}","templated":true}]}}